{"id":457,"date":"2020-07-21T11:47:47","date_gmt":"2020-07-21T09:47:47","guid":{"rendered":"http:\/\/www.hab.eco\/?page_id=457"},"modified":"2020-12-01T15:01:26","modified_gmt":"2020-12-01T13:01:26","slug":"terminos-y-condiciones","status":"publish","type":"page","link":"https:\/\/www.hab.eco\/es\/terminos-y-condiciones\/","title":{"rendered":"Pol\u00edtica de privacidad"},"content":{"rendered":"\n<p><strong>PROTECCI\u00d3N DE DATOS<\/strong><\/p>\n\n\n\n<p><strong>1. \u00bfQui\u00e9n es el responsable del tratamiento de sus datos?<\/strong><\/p>\n\n\n\n<p>De acuerdo con lo establecido por el Reglamento Europeo sobre Protecci\u00f3n de Datos, as\u00ed como en cumplimiento de la Ley Org\u00e1nica 15\/1999 sobre Protecci\u00f3n de Datos de Car\u00e1cter Personal, el responsable del tratamiento de sus datos es [<em>TEN NOU CON, SL&nbsp; \u201cHAB.ECO\u201d<\/em> ], con direcci\u00f3n a efectos de contacto en Calle Roger de Lluria, 20 \u2013 Planta Principal \u2013 Puerta 1\u00aa ; 08010 Barcelona<\/p>\n\n\n\n<p><strong>2. \u00bfPara qu\u00e9 utiliza HAB.ECO sus datos personales?<\/strong><\/p>\n\n\n\n<p>HAB. ECO utiliza sus datos personales para hacer seguimiento de los contactos establecidos mediante el acceso a la web<\/p>\n\n\n\n<p><strong>3. \u00bfPor qu\u00e9 raz\u00f3n utiliza HAB.ECO sus datos personales?<\/strong><\/p>\n\n\n\n<p>La base jur\u00eddica que permite a HAB.ECO tratar sus datos personales es el consentimiento que usted ha otorgado al cumplimentar y enviar los formularios habilitados en la web.<\/p>\n\n\n\n<p><strong>4. \u00bfDurante cu\u00e1nto tiempo conservar\u00e1 HAB.ECO sus datos personales?<\/strong><\/p>\n\n\n\n<p>HAB.ECO \u00fanicamente tratar\u00e1 sus datos personales en tanto en cuanto los productos\/servicios en los que usted haya mostrado su inter\u00e9s sigan estando vigentes y, en su caso, mientras usted no hubiera manifestado su oposici\u00f3n a la recepci\u00f3n de dichas comunicaciones.<\/p>\n\n\n\n<p>Transcurridos estos periodos, HAB.ECO conservar\u00e1 sus datos, sin efectuar ning\u00fan tipo de tratamiento, hasta que transcurran los plazos de prescripci\u00f3n de las responsabilidades que pudieran derivarse del tratamiento de sus datos. Dicho plazo ser\u00e1 como m\u00e1ximo de cinco a\u00f1os.<\/p>\n\n\n\n<p><strong>5. \u00bfCon quien comparte HAB.ECO sus datos personales?<\/strong><\/p>\n\n\n\n<p>HAB.ECO no comunica sus datos personales a terceros, salvo que sea necesario para formalizar el contrato de construcci\u00f3n llave en mano con el Comitente o para dar cumplimiento a un mandato legal.<\/p>\n\n\n\n<p><strong>6. \u00bfCu\u00e1les son sus derechos cuando nos proporciona sus datos personales?<\/strong><\/p>\n\n\n\n<figure class=\"wp-block-table\"><table><tbody><tr><td><strong>Derecho<\/strong><\/td><td><strong>Contenido<\/strong><\/td><td><strong>Canal de atenci\u00f3n<\/strong><\/td><\/tr><tr><td>Acceso<\/td><td>Podr\u00e1 consultar sus datos incluidos en los ficheros de HAB.ECO.<\/td><td>Para ejercitar estos derechos basta con dirigirse por escrito a HAB.ECO o enviar un e-mail solicitando dicha informaci\u00f3n, correcci\u00f3n o anulaci\u00f3n a la direcci\u00f3n: <a href=\"mailto:lopd@hab.eco\">lopd@hab.eco<\/a> incluyendo el nombre, apellidos, fotocopia del DNI y direcci\u00f3n de correo electr\u00f3nico.<\/td><\/tr><tr><td>Rectificaci\u00f3n<\/td><td>Podr\u00e1 modificar sus datos personales cuando sean inexactos.<\/td><\/tr><tr><td>Supresi\u00f3n<\/td><td>Podr\u00e1 solicitar la eliminaci\u00f3n de sus datos personales.<\/td><\/tr><tr><td>Oposici\u00f3n<\/td><td>Podr\u00e1 solicitar que no se traten sus datos personales.<\/td><\/tr><tr><td>Portabilidad<\/td><td>Podr\u00e1 recibir, en formato electr\u00f3nico, los datos personales que haya facilitado a HAB.ECO, as\u00ed como transmitirlos a otra entidad.<\/td><\/tr><tr><td>Limitar el tratamiento<\/td><td>Podr\u00e1 solicitar la limitaci\u00f3n al tratamiento de sus datos:<br><br>Cuando se compruebe la impugnaci\u00f3n de la exactitud de sus datos,<br><br>Cuando el tratamiento es il\u00edcito y usted se opone a la supresi\u00f3n de sus datos,<br><br>Cuando HAB.ECO no necesite tratar sus datos pero usted los necesite para el ejercicio o defensa de reclamaciones,<br><br>Cuando se haya opuesto al tratamiento de sus datos para el cumplimiento de una misi\u00f3n en inter\u00e9s p\u00fablico o para la satisfacci\u00f3n de un inter\u00e9s leg\u00edtimo, mientras se verifica si los motivos leg\u00edtimos para el tratamiento prevalecen sobre los suyos.<br><br><\/td><\/tr><\/tbody><\/table><\/figure>\n\n\n\n<p>Asimismo, en cualquier momento puede retirar el consentimiento prestado sin que ello afecte a la licitud del tratamiento de sus datos llevado a cabo con anterioridad, enviando una solicitud a <a href=\"mailto:lopd@hab.eco\">lopd@hab.eco<\/a> indicando en el asunto \u00abANULACI\u00d3N DE CONSENTIMIENTO\u00bb. Para poder ejercer sus derechos y retirar su consentimiento deber\u00e1 enviar una copia de su DNI o documento que acredite su identidad.<\/p>\n\n\n\n<p>En todo caso, podr\u00e1 presentar una reclamaci\u00f3n ante la Agencia Espa\u00f1ola de Protecci\u00f3n de Datos (www.agpd.es) o cualquier otra autoridad competente.<\/p>\n\n\n\n<p>Fecha de creaci\u00f3n: 2020\/11\/01<\/p>\n\n\n\n<p><strong>CONDICIONES DE PRIVACIDAD<\/strong><\/p>\n\n\n\n<p>De conformidad con la Ley Org\u00e1nica 15\/1999, de 13 de Diciembre, de protecci\u00f3n de Datos de Car\u00e1cter Personal y de conformidad con la Ley 34\/2002, de 11 de julio, de servicios de la sociedad de la informaci\u00f3n y de comercio electr\u00f3nico, acepto y consiento que, los datos de car\u00e1cter personal facilitados a HAB.ECO, sean tratados con la finalidad de gesti\u00f3n comercial. Dichos datos ser\u00e1n incorporados por HAB ECO a un fichero de su titularidad, inscrito ante la Agencia Espa\u00f1ola de Protecci\u00f3n de Datos. Asimismo, se le informa que se adoptar\u00e1n las medidas de seguridad que requiera la legislaci\u00f3n vigente para garantizar su confidencialidad. Usted podr\u00e1 ejercer, en todo momento, los derechos de acceso, cancelaci\u00f3n, rectificaci\u00f3n, oposici\u00f3n y revocaci\u00f3n del consentimiento prestado, mediante carta dirigida a HAB.ECO, con domicilio en Calle Roger de Lluria, 20 \u2013 Planta Principal \u2013 Puerta 1\u00aa ; 08010 Barcelona, se\u00f1alando claramente su nombre, apellidos y direcci\u00f3n o mediante el env\u00edo de un correo electr\u00f3nico dirigido a lopd@hab.eco<\/p>\n","protected":false},"excerpt":{"rendered":"<p>PROTECCI\u00d3N DE DATOS 1. \u00bfQui\u00e9n es el responsable del tratamiento de sus datos? De acuerdo con lo establecido por el Reglamento Europeo&hellip;<\/p>\n","protected":false},"author":1,"featured_media":0,"parent":0,"menu_order":0,"comment_status":"closed","ping_status":"closed","template":"","meta":[],"yoast_head":"<!-- This site is optimized with the Yoast SEO plugin v15.7 - https:\/\/yoast.com\/wordpress\/plugins\/seo\/ -->\n<title>Pol\u00edtica de privacidad - hab.eco<\/title>\n<meta name=\"robots\" content=\"index, follow, max-snippet:-1, max-image-preview:large, max-video-preview:-1\" \/>\n<link rel=\"canonical\" href=\"https:\/\/www.hab.eco\/es\/terminos-y-condiciones\/\" \/>\n<meta property=\"og:locale\" content=\"es_ES\" \/>\n<meta property=\"og:type\" content=\"article\" \/>\n<meta property=\"og:title\" content=\"Pol\u00edtica de privacidad - hab.eco\" \/>\n<meta property=\"og:description\" content=\"PROTECCI\u00d3N DE DATOS 1. \u00bfQui\u00e9n es el responsable del tratamiento de sus datos? De acuerdo con lo establecido por el Reglamento Europeo&hellip;\" \/>\n<meta property=\"og:url\" content=\"https:\/\/www.hab.eco\/es\/terminos-y-condiciones\/\" \/>\n<meta property=\"og:site_name\" content=\"hab.eco\" \/>\n<meta property=\"article:modified_time\" content=\"2020-12-01T13:01:26+00:00\" \/>\n<meta name=\"twitter:card\" content=\"summary_large_image\" \/>\n<meta name=\"twitter:label1\" content=\"Est. reading time\">\n\t<meta name=\"twitter:data1\" content=\"4 minutos\">\n<script type=\"application\/ld+json\" class=\"yoast-schema-graph\">{\"@context\":\"https:\/\/schema.org\",\"@graph\":[{\"@type\":\"WebSite\",\"@id\":\"https:\/\/www.hab.eco\/#website\",\"url\":\"https:\/\/www.hab.eco\/\",\"name\":\"hab.eco\",\"description\":\"\",\"potentialAction\":[{\"@type\":\"SearchAction\",\"target\":\"https:\/\/www.hab.eco\/?s={search_term_string}\",\"query-input\":\"required name=search_term_string\"}],\"inLanguage\":\"es\"},{\"@type\":\"WebPage\",\"@id\":\"https:\/\/www.hab.eco\/es\/terminos-y-condiciones\/#webpage\",\"url\":\"https:\/\/www.hab.eco\/es\/terminos-y-condiciones\/\",\"name\":\"Pol\\u00edtica de privacidad - hab.eco\",\"isPartOf\":{\"@id\":\"https:\/\/www.hab.eco\/#website\"},\"datePublished\":\"2020-07-21T09:47:47+00:00\",\"dateModified\":\"2020-12-01T13:01:26+00:00\",\"inLanguage\":\"es\",\"potentialAction\":[{\"@type\":\"ReadAction\",\"target\":[\"https:\/\/www.hab.eco\/es\/terminos-y-condiciones\/\"]}]}]}<\/script>\n<!-- \/ Yoast SEO plugin. -->","_links":{"self":[{"href":"https:\/\/www.hab.eco\/es\/wp-json\/wp\/v2\/pages\/457"}],"collection":[{"href":"https:\/\/www.hab.eco\/es\/wp-json\/wp\/v2\/pages"}],"about":[{"href":"https:\/\/www.hab.eco\/es\/wp-json\/wp\/v2\/types\/page"}],"author":[{"embeddable":true,"href":"https:\/\/www.hab.eco\/es\/wp-json\/wp\/v2\/users\/1"}],"replies":[{"embeddable":true,"href":"https:\/\/www.hab.eco\/es\/wp-json\/wp\/v2\/comments?post=457"}],"version-history":[{"count":3,"href":"https:\/\/www.hab.eco\/es\/wp-json\/wp\/v2\/pages\/457\/revisions"}],"predecessor-version":[{"id":2006,"href":"https:\/\/www.hab.eco\/es\/wp-json\/wp\/v2\/pages\/457\/revisions\/2006"}],"wp:attachment":[{"href":"https:\/\/www.hab.eco\/es\/wp-json\/wp\/v2\/media?parent=457"}],"curies":[{"name":"wp","href":"https:\/\/api.w.org\/{rel}","templated":true}]}}